{"id":219305,"date":"2019-04-05T13:49:05","date_gmt":"2019-04-05T10:49:05","guid":{"rendered":"https:\/\/www.oral.fi\/intressentgrupps-och-samarbetspartsregistrets-dataskyddsbeskrivning\/"},"modified":"2022-06-01T11:29:32","modified_gmt":"2022-06-01T08:29:32","slug":"intressentgrupps-och-samarbetspartsregistrets-dataskyddsbeskrivning","status":"publish","type":"page","link":"https:\/\/www.oral.fi\/sv\/information\/information-for-kunder\/dataskydd\/intressentgrupps-och-samarbetspartsregistrets-dataskyddsbeskrivning\/","title":{"rendered":"Intressentgrupps- och samarbetspartsregistrets dataskyddsbeskrivning"},"content":{"rendered":"<h3>Personuppgiftsansvarig<\/h3>\n<p>Namn: Oral Hammasl\u00e4\u00e4k\u00e4rit Ab<br \/>\nFO-nummer: 2863321-3<br \/>\nPost- och bes\u00f6ksadress: Teknikv\u00e4gen 4 A, 02150 Esbo<br \/>\nTelefon: 010\u00a0400\u00a03010 (v\u00e4xel)<\/p>\n<h3>Kontaktperson i \u00e4renden som g\u00e4ller registret:<\/h3>\n<p>Namn: Sanna Elomaa<br \/>\nE-post: tietosuojavastaava@oral.fi<\/p>\n<h3>Registrets namn<\/h3>\n<p>Oral-koncernens intressentgrupps- och samarbetspartsregister<\/p>\n<h3>R\u00e4ttslig grund f\u00f6r behandling av personuppgifter<\/h3>\n<p>Behandlingen av personuppgifter grundar sig p\u00e5 Orals ber\u00e4ttigade intresse (till exempel intressentgruppsrelation eller annat sakligt samband) samt p\u00e5 avtalet mellan Oral och samarbetskunden. Behandling av uppgifter kan ocks\u00e5 grunda sig p\u00e5 den registrerades givna samtycke.<\/p>\n<h3>Syftet med behandling av personuppgifter<\/h3>\n<p>De personuppgifter som finns i registret anv\u00e4nds f\u00f6r f\u00f6ljande \u00e4ndam\u00e5l:<\/p>\n<p>\u2022 Kommunikation mellan personer som h\u00f6r till Oral samt dess intressentgrupper och samarbetsparter<br \/>\n\u2022 sk\u00f6tsel av intressentgrupps- och samarbetsparters relationer, uppr\u00e4tth\u00e5llande, f\u00f6rvaltning och utveckling<br \/>\n\u2022 Planering och utveckling av Orals verksamhet<br \/>\n\u2022 Headhunting av yrkesutbildade personer inom h\u00e4lso- och sjukv\u00e5rden i rekryteringssyfte<\/p>\n<h3>Kategorier av registrerade<\/h3>\n<p>Personer som h\u00f6r till intressentgrupper (som yrkesutbildade personer inom h\u00e4lso- och sjukv\u00e5rden) och kontaktpersoner till nuvarande samt m\u00f6jliga samarbetsparter.<\/p>\n<h3>Registrets datainneh\u00e5ll<\/h3>\n<p><strong>Registret kan inneh\u00e5lla f\u00f6ljande personuppgifter om personer som h\u00f6r till intressentgrupper:<\/strong><\/p>\n<p>\u2022 namn<br \/>\n\u2022 titel, yrkesbeteckning, st\u00e4llning eller uppgift i f\u00f6retaget<br \/>\n\u2022 arbetsgivarens namn<br \/>\n\u2022 kontaktuppgifter (postadress, e-postadress och telefonnummer)<br \/>\n\u2022 f\u00f6delse\u00e5r<br \/>\n\u2022 registreringsnummer (JulkiTerhikki)<br \/>\n\u2022 yrkesr\u00e4ttighet f\u00f6r yrkesutbildad person inom h\u00e4lso- och sjukv\u00e5rden<br \/>\n\u2022 uppgifter om utbildning och arbetserfarenhet<br \/>\n\u2022 oms\u00e4ttning<br \/>\n\u2022 kontaktuppgifter (till exempel e-postadresser)<br \/>\n\u2022 eventuella andra uppgifter som den registrerade har l\u00e4mnat om sig sj\u00e4lv<\/p>\n<p><strong>Registret kan inneh\u00e5lla f\u00f6ljande personuppgifter om samarbetsparternas kontaktpersoner:<\/strong><\/p>\n<p>\u2022 namn<br \/>\n\u2022 titel, yrkesbeteckning, st\u00e4llning eller uppgift i f\u00f6retaget<br \/>\n\u2022 f\u00f6retagets namn<br \/>\n\u2022 kontaktuppgifter (postadress, e-postadress och telefonnummer)<br \/>\n\u2022 kontaktuppgifter (till exempel e-postadresser)<br \/>\n\u2022 eventuella andra uppgifter som den registrerade har l\u00e4mnat om sig sj\u00e4lv<\/p>\n<h3>Registrets regelm\u00e4ssiga informationsk\u00e4llor<\/h3>\n<p>Information kan samlas in av den registrerade till exempel med telefon, p\u00e5 n\u00e4tet, vid m\u00f6ten och i samband med annan kommunikation. Personuppgifter kan ocks\u00e5 samlas in av registrerad arbetsgivare eller utomst\u00e5ende tj\u00e4nsteerbjudare (som Alma Talent Tietoplavelut).<\/p>\n<p>Dessutom kan personuppgifter f\u00f6r headhunting samlas in och uppdateras fr\u00e5n allm\u00e4nt tillg\u00e4ngliga informationsk\u00e4llor som f\u00f6retagens och organisationernas n\u00e4tsidor och offentliga register (till exempel centralregister f\u00f6r yrkesutbildade personer inom social- och h\u00e4lsov\u00e5rden JulkiTerhikki).<\/p>\n<h3>Regelm\u00e4ssigt utl\u00e4mnande av uppgifter<\/h3>\n<p>Personuppgifter utl\u00e4mnas inte regelm\u00e4ssigt till utomst\u00e5ende akt\u00f6rer. Personuppgifter kan dock l\u00e4mnas ut till de som h\u00f6r till samma koncern, bolag som finns i Finland eller i utlandet.<br \/>\n\u00d6verf\u00f6ring av uppgifter utanf\u00f6r EU eller EES: Personuppgifter \u00f6verf\u00f6rs inte utanf\u00f6r Europeiska unionen eller Europeiska ekonomiska samarbetsomr\u00e5det.<\/p>\n<p>Till skillnad fr\u00e5n ovan kan personuppgifter r\u00f6rande yrkesutbildad person inom h\u00e4lso- och sjukv\u00e5rden \u00f6verf\u00f6ras till koncernen i Schweiz f\u00f6r rekrytering eller godk\u00e4nnande av olika bolagsorganiseringar. \u00d6verf\u00f6ring av personuppgifter till Schweiz \u00e4r lagenligt enligt Europeiska kommissionens beslut r\u00f6rande dataskyddets tillr\u00e4cklighet.<\/p>\n<h3>Principer f\u00f6r skydd av registret<\/h3>\n<p>Registrets uppgifter lagras i datasystem d\u00e4r b\u00e5de tekniska och programm\u00e4ssiga metoder anv\u00e4nds f\u00f6r att s\u00e4kerst\u00e4lla informationss\u00e4kerheten. Alla personer som anv\u00e4nder registret har personliga anv\u00e4ndarnamn och l\u00f6senord till systemet. Endast utsedda personer har tillg\u00e5ng till uppgifterna i registret, i den omfattning deras arbetsuppgifter f\u00f6ruts\u00e4tter detta.<\/p>\n<h3>Lagringstid f\u00f6r uppgifterna<\/h3>\n<p>Personuppgifterna lagras i f\u00f6retagskundregistret s\u00e5 l\u00e4nge som de beh\u00f6vs f\u00f6r att genomf\u00f6ra registrets syfte. Oral bed\u00f6mer regelbundet behovet av lagring och vidtar \u00e4ven rimliga \u00e5tg\u00e4rder f\u00f6r att s\u00e4kerst\u00e4lla att de personuppgifter om den registrerade som \u00e4r f\u00f6r\u00e5ldrade eller felaktiga eller som inte \u00e4r f\u00f6renliga med syftet med behandlingen inte lagras i registret.<\/p>\n<h3>Den registrerades r\u00e4ttigheter<\/h3>\n<p><strong>R\u00e4tt till insyn<br \/>\n<\/strong>Den registrerade har r\u00e4tt att kontrollera vilka uppgifter om honom eller henne som \u00e4r registrerade i Orals intressentgrupps- och samarbetsregister. En skriftlig beg\u00e4ran om tillg\u00e5ng ska l\u00e4mnas till registrets kontaktperson.<\/p>\n<p><strong>R\u00e4tt att kr\u00e4va r\u00e4ttelse av uppgifter<br \/>\n<\/strong>Den registrerade har r\u00e4tt att kr\u00e4va r\u00e4ttelse av felaktiga eller bristf\u00e4lliga personuppgifter om honom eller henne. En skriftlig beg\u00e4ran om r\u00e4ttelse ska l\u00e4mnas till registrets kontaktperson.<\/p>\n<p><strong>R\u00e4tt att kr\u00e4va radering av uppgifter<br \/>\n<\/strong>Den registrerade har r\u00e4tt att kr\u00e4va att de uppgifter som lagrats om honom eller henne raderas, om det inte finns n\u00e5gon grund f\u00f6r lagringen. En skriftlig beg\u00e4ran om radering ska l\u00e4mnas till registrets kontaktperson.<\/p>\n<p><strong>R\u00e4tt att kr\u00e4va begr\u00e4nsning av behandling av uppgifter eller r\u00e4tt att mots\u00e4tta sig behandling av uppgifter<br \/>\n<\/strong>Den registrerade har r\u00e4tt att mots\u00e4tta sig behandling av personuppgifterna eller beg\u00e4ra begr\u00e4nsning av uppgiftsbehandlingen bland annat, om denne f\u00f6rnekar korrektheten av uppgifter som r\u00f6r denne. D\u00e5 begr\u00e4nsas personuppgifternas behandling f\u00f6r en tid, under vilken Oral bekr\u00e4ftar korrektheten av uppgifterna eller kontrollerar f\u00f6rekomst av ber\u00e4ttigad grund f\u00f6r behandling. En skriftlig beg\u00e4ran om begr\u00e4nsning av behandlingen och\/eller en inv\u00e4ndning mot behandling av personuppgifter ska l\u00e4mnas till registrets kontaktperson.<\/p>\n<p><strong>R\u00e4tt att \u00e5terkalla samtycke till behandling av personuppgifter<br \/>\n<\/strong>Om behandlingen av personuppgifter grundar sig p\u00e5 den registrerades samtycke, har den registrerade r\u00e4tt att n\u00e4r som helst \u00e5terkalla sitt samtycke till att personuppgifterna behandlas. Samtycket kan \u00e5terkallas genom en skriftlig beg\u00e4ran till registrets kontaktperson.<\/p>\n<p><strong>R\u00e4tt att l\u00e4mna en anm\u00e4rkning till tillsynsmyndighet<br \/>\n<\/strong>Den registrerade har r\u00e4tt att l\u00e4mna en anm\u00e4rkning till tillsynsmyndigheten (dataombudsmannen) om missf\u00f6rh\u00e5llanden i behandlingen av personuppgifter.<\/p>\n<p>\u00a0<\/p>\n<p>Uppdaterad 1 juni 2022<\/p>\n","protected":false},"excerpt":{"rendered":"<p>Personuppgiftsansvarig Namn: Oral Hammasl\u00e4\u00e4k\u00e4rit Ab FO-nummer: 2863321-3 Post- och bes\u00f6ksadress: Teknikv\u00e4gen 4 A, 02150 Esbo Telefon: 010\u00a0400\u00a03010 (v\u00e4xel) Kontaktperson i \u00e4renden som g\u00e4ller registret: Namn: Sanna Elomaa E-post: tietosuojavastaava@oral.fi Registrets namn Oral-koncernens intressentgrupps- och samarbetspartsregister R\u00e4ttslig grund f\u00f6r behandling av personuppgifter Behandlingen av personuppgifter grundar sig p\u00e5 Orals ber\u00e4ttigade intresse (till exempel intressentgruppsrelation eller annat &hellip; <a href=\"https:\/\/www.oral.fi\/sv\/information\/information-for-kunder\/dataskydd\/intressentgrupps-och-samarbetspartsregistrets-dataskyddsbeskrivning\/\">Continued<\/a><\/p>\n","protected":false},"author":25,"featured_media":0,"parent":7786,"menu_order":0,"comment_status":"closed","ping_status":"closed","template":"","meta":{"_acf_changed":false,"footnotes":""},"class_list":["post-219305","page","type-page","status-publish","hentry"],"acf":[],"_links":{"self":[{"href":"https:\/\/www.oral.fi\/sv\/wp-json\/wp\/v2\/pages\/219305","targetHints":{"allow":["GET"]}}],"collection":[{"href":"https:\/\/www.oral.fi\/sv\/wp-json\/wp\/v2\/pages"}],"about":[{"href":"https:\/\/www.oral.fi\/sv\/wp-json\/wp\/v2\/types\/page"}],"author":[{"embeddable":true,"href":"https:\/\/www.oral.fi\/sv\/wp-json\/wp\/v2\/users\/25"}],"replies":[{"embeddable":true,"href":"https:\/\/www.oral.fi\/sv\/wp-json\/wp\/v2\/comments?post=219305"}],"version-history":[{"count":2,"href":"https:\/\/www.oral.fi\/sv\/wp-json\/wp\/v2\/pages\/219305\/revisions"}],"predecessor-version":[{"id":232239,"href":"https:\/\/www.oral.fi\/sv\/wp-json\/wp\/v2\/pages\/219305\/revisions\/232239"}],"up":[{"embeddable":true,"href":"https:\/\/www.oral.fi\/sv\/wp-json\/wp\/v2\/pages\/7786"}],"wp:attachment":[{"href":"https:\/\/www.oral.fi\/sv\/wp-json\/wp\/v2\/media?parent=219305"}],"curies":[{"name":"wp","href":"https:\/\/api.w.org\/{rel}","templated":true}]}}