{"id":62067,"date":"2018-05-22T12:30:28","date_gmt":"2018-05-22T09:30:28","guid":{"rendered":"https:\/\/www.oral.fi\/?page_id=62067\/"},"modified":"2026-01-07T12:28:06","modified_gmt":"2026-01-07T10:28:06","slug":"oral-kundinformationsbeskrivning","status":"publish","type":"page","link":"https:\/\/www.oral.fi\/sv\/information\/information-for-kunder\/dataskydd\/oral-kundinformationsbeskrivning\/","title":{"rendered":"Kundinformationsbeskrivning"},"content":{"rendered":"<p>N\u00e4r du bokar en tid och bes\u00f6ker mottagningen samlar vi in information om dig som vi beh\u00f6ver f\u00f6r att kunna planera, ordna, genomf\u00f6ra och f\u00f6lja upp din v\u00e5rd. Dina uppgifter behandlas konfidentiellt och de \u00f6verl\u00e4mnas inte till utomst\u00e5ende p\u00e5 annat s\u00e4tt \u00e4n vad som anges i denna beskrivning. Information som samlas in under v\u00e5rdperioden f\u00f6rvaras den tid lagen kr\u00e4ver och de f\u00f6rvaras i ett patientinformationssystem som uppfyller kraven enligt lag. Du har r\u00e4tt att f\u00e5 tillg\u00e5ng till de uppgifter som vi har om dig. Instruktioner f\u00f6r hur du kan l\u00e4mna in en beg\u00e4ran om tillg\u00e5ng och ut\u00f6va dina \u00f6vriga r\u00e4ttigheter enligt dataskyddsf\u00f6rordningen hittar du h\u00e4r. Dina uppgifter anv\u00e4nds f\u00f6r elektronisk direktmarknadsf\u00f6ring av Orals tj\u00e4nster endast om du har gett ditt samtycke till detta.<\/p>\n<h3>De gemensamt personuppgiftsansvarigas uppgifter<\/h3>\n<p>Oral Hammasl\u00e4\u00e4k\u00e4rit Ab, dess dotter- och systerbolag samt de yrkesutbildade personer inom h\u00e4lso- och sjukv\u00e5rden som arbetar i Orals lokaler, antingen som sj\u00e4lvst\u00e4ndiga yrkesut\u00f6vare eller via andra f\u00f6retag.<\/p>\n<p>Oral Hammasl\u00e4\u00e4k\u00e4rit Ab<br \/>\nBef\u00e4stningsv\u00e4gen 6 B<br \/>\n02600 Esbo<\/p>\n<p>Dataskyddsombud: Chefsjurist Sanna Elomaa<br \/>\ne-post <a href=\"mailto:tietosuojavastaava@oral.fi\">tietosuojavastaava@oral.fi<\/a><\/p>\n<h3>Syftet med och r\u00e4ttslig grund f\u00f6r behandling av personuppgifter<\/h3>\n<p>Dina personuppgifter behandlas fr\u00e4mst f\u00f6r att planera, ordna, genomf\u00f6ra och f\u00f6lja upp v\u00e5rden f\u00f6r att vi ska kunna garantera att du f\u00e5r b\u00e4sta m\u00f6jliga v\u00e5rd. Dessutom anv\u00e4nds dina uppgifter f\u00f6r kundkommunikation, administration och uppf\u00f6ljning av kundrelationen, fakturering samt f\u00f6r \u00f6vervakning och inkasso av betalningar. Vid behov anv\u00e4nds dina uppgifter \u00e4ven f\u00f6r att planera och utveckla serviceverksamheten,<br \/>\nf\u00f6r att analysera och f\u00f6ra statistik \u00f6ver aff\u00e4rsverksamheten samt f\u00f6r att kontrollera kreditupplysningar. Dessutom behandlas dina personuppgifter i kundservice- och marknadsf\u00f6ringssyfte p\u00e5 det s\u00e4tt som beskrivs nedan.<\/p>\n<p>Med patientuppgifter avses patientjournaler, unders\u00f6kningsuppgifter och andra personuppgifter som har samlats in n\u00e4r v\u00e5rden har ordnats, genomf\u00f6rts och f\u00f6ljts upp. Insamlingen av patientuppgifter grundar sig p\u00e5 den r\u00e4ttsliga skyldighet som har fastst\u00e4llts f\u00f6r verksamhetsenheter inom h\u00e4lso- och sjukv\u00e5rden (lagen om patientens st\u00e4llning och r\u00e4ttigheter, den s\u00e5 kallade patientlagen).<\/p>\n<p>Insamlingen av andra personuppgifter \u00e4n patientuppgifter grundar sig antingen p\u00e5 ett avtalsf\u00f6rh\u00e5llande, ber\u00e4ttigat intresse (s\u00e5som kundrelation eller prenumeration p\u00e5 Orals nyhetsbrev) eller p\u00e5 ett samtycke du gett i samband med tidsbest\u00e4llning, p\u00e5 en blankett med f\u00f6rhandsuppgifter eller p\u00e5 annat s\u00e4tt.<\/p>\n<h3>Tidsbest\u00e4llning<\/h3>\n<p>N\u00e4r du best\u00e4ller tid till Oral ber vi dig om uppgifter som beh\u00f6vs f\u00f6r att vi ska kunna ordna ditt bes\u00f6k och din v\u00e5rd. Insamlingen av uppgifter grundar sig p\u00e5 det v\u00e5rduppdrag som du har gett oss: de uppgifter vi ber om i samband med din tidsbest\u00e4llning \u00e4r n\u00f6dv\u00e4ndiga f\u00f6r ordnandet av ditt bes\u00f6k. Vi beh\u00f6ver personbeteckningen f\u00f6r att kunna identifiera patienterna och f\u00f6r att kunna s\u00e4kerst\u00e4lla att de patientuppgifter som uppkommer p\u00e5 mottagningen registreras f\u00f6r r\u00e4tt patient.<\/p>\n<p>Ut\u00f6ver en tidsbest\u00e4llning p\u00e5 mottagningen eller per telefon kan du ocks\u00e5 best\u00e4lla tid via n\u00e4ttj\u00e4nsten MinOral. Logga in i MinOral med dina n\u00e4tbankskoder (Tupas) s\u00e5 verifieras din identitet. Du kan \u00e4ven g\u00f6ra en tidsbest\u00e4llning p\u00e5 v\u00e5r webbplats eller via Orals chatt utan att logga in i tj\u00e4nsten MinOral.<\/p>\n<h3>F\u00f6rhandsuppgifter<\/h3>\n<p>Vid ditt f\u00f6rsta v\u00e5rdbes\u00f6k hos Oral ber vi dig fylla i en blankett med f\u00f6rhandsuppgifter d\u00e4r vi ber dig svara p\u00e5 fr\u00e5gor som r\u00f6r ditt h\u00e4lsotillst\u00e5nd. I f\u00f6rhandsuppgifterna kan du \u00e4ven ange orsaken till bes\u00f6ket och dina symptom. F\u00f6rhandsuppgifterna beh\u00f6vs f\u00f6r att kunna planera och genomf\u00f6ra v\u00e5rden och uppgifternas riktighet kontrolleras \u00e5tminstone i b\u00f6rjan av varje v\u00e5rdperiod.<\/p>\n<p>Du kan fylla i f\u00f6rhandsuppgifterna f\u00f6re ditt v\u00e5rdbes\u00f6k, antingen elektroniskt via n\u00e4ttj\u00e4nsten MinOral eller p\u00e5 den pappersblankett du f\u00e5r fr\u00e5n mottagningen. De elektroniska uppgifterna \u00f6verf\u00f6rs p\u00e5 ett s\u00e4kert s\u00e4tt via en krypterad anslutning fr\u00e5n n\u00e4ttj\u00e4nsten MinOral till patientinformationssystemet, d\u00e4r de bildar en del av dina patientuppgifter. V\u00e5rdpersonalen ser till att uppgifterna p\u00e5 den pappersblankett som har fyllts i p\u00e5 mottagningen inf\u00f6rs i patientinformationssystemet.<\/p>\n<h3>P\u00e5 mottagningen<\/h3>\n<p>Under ditt v\u00e5rdbes\u00f6k antecknar den behandlande tandl\u00e4karen eller munhygienisten uppgifter som r\u00f6r ditt h\u00e4lsotillst\u00e5nd f\u00f6r diagnostisering samt planering och ordnande av din v\u00e5rd. Dessa uppgifter \u00e4r i patientlagen avsedda patientuppgifter och lagras i Orals patientinformationssystem. \u00c4ven dina r\u00f6ntgenbilder tagna hos Oral, resultaten av laboratorieprov och annan information som beh\u00f6vs f\u00f6r en diagnos lagras i Orals patientinformationssystem eller i ett s\u00e4rskilt avbildningssystem.<\/p>\n<h3>Kallelse till v\u00e5rd efter bes\u00f6ket<\/h3>\n<p>Efter att din v\u00e5rdperiod har avslutats kommer den behandlande tandl\u00e4karen eller munhygienisten \u00f6verens med dig om l\u00e4mplig unders\u00f6knings- eller v\u00e5rdintervall enligt ditt personliga v\u00e5rdbehov. Du kan sj\u00e4lv v\u00e4lja hur du kontaktas i samband med kallelsen till v\u00e5rd. Om du vill \u00e4ndra s\u00e4ttet du helst vill bli kontaktad p\u00e5 eller om du inte vill att vi kontaktar dig kan du kontakta v\u00e5r kundtj\u00e4nst.<\/p>\n<h3>Fakturering<\/h3>\n<p>F\u00f6r faktureringen beh\u00f6ver vi dina kontaktuppgifter, uppgifter om inneh\u00e5llet i och tidpunkten f\u00f6r ditt v\u00e5rdbes\u00f6k, din personbeteckning och dina faktureringsuppgifter. Vid f\u00f6retagsfakturering (till exempel tandv\u00e5rd inom f\u00f6retagsh\u00e4lsov\u00e5rd) och f\u00f6r att kunna bevilja avtalsf\u00f6rm\u00e5ner utnyttjar vi \u00e4ven arbetsgivaruppgifter. Faktureringsuppgifter omfattar \u00e4ven uppgifter om fakturamottagare och faktureringsadress i de fall fakturan betalas av n\u00e5gon annan \u00e4n patienten sj\u00e4lv. Dessutom omfattar faktureringsuppgifterna information om rabatter och FPA-ers\u00e4ttningar.<\/p>\n<h3>Marknadsf\u00f6ring och hur den riktas<\/h3>\n<p>Oral anv\u00e4nder i enlighet med ditt samtycke information om din kundrelation och\/eller din v\u00e5rdhistoria f\u00f6r marknadsf\u00f6ring efter dina behov. Den innefattar aktuell information om din v\u00e5rd och\/eller de f\u00f6rm\u00e5ner och erbjudanden som Oral tillhandah\u00e5ller.<\/p>\n<p>Vi anv\u00e4nder information om boningsort f\u00f6r regional marknadsf\u00f6ring i sociala medier och reklam p\u00e5 webben samt f\u00f6r direktpostning och e-postmeddelanden. Vi inriktar meddelandena enligt de uppgifter om orsaken till bes\u00f6ket som vi har f\u00e5tt i samband med tidsbest\u00e4llningen f\u00f6r att vi ska kunna erbjuda dig l\u00e4mplig information och personliga f\u00f6rm\u00e5ner som intresserar dig mest vid den valda tidpunkten.<br \/>\nMed kundens samtycke utnyttjar vi \u00e4ven den information om kundens intresseomr\u00e5den som kunden angett f\u00f6r att vi ska kunna erbjuda l\u00e4mplig information och erbjudanden i de meddelanden och den reklam som skickas till kunden via elektroniska eller andra kanaler.<\/p>\n<p>Kunduppgifterna anv\u00e4nds \u00e4ven f\u00f6r att kartl\u00e4gga kundrespons och kundn\u00f6jdhet samt f\u00f6r att kunna genomf\u00f6ra marknadsunders\u00f6kningar och enk\u00e4ter. Efter ditt v\u00e5rdbes\u00f6k skickar vi dig enkundn\u00f6jdhetsenk\u00e4t.<\/p>\n<h3>Uppdatering av uppgifterna<\/h3>\n<p>Riktigheten f\u00f6r dina kontaktuppgifter s\u00e4kerst\u00e4lls n\u00e4r du kommer till mottagningen. Med hj\u00e4lp av r\u00e4tta och aktuella kontaktuppgifter kan vi s\u00e4kerst\u00e4lla att uppgifterna om ditt h\u00e4lsotillst\u00e5nd inte av misstag hamnar i fel h\u00e4nder. Du kan \u00e4ven sj\u00e4lv uppdatera dina kontaktuppgifter och andra uppgifter direkt via n\u00e4ttj\u00e4nsten MinOral eller genom att ringa v\u00e5r kundtj\u00e4nst.<\/p>\n<p>Vi ser till att v\u00e5ra kunders kontaktuppgifter (adress och telefonnummer) h\u00e5lls aktuella och korrekta genom att de regelbundet uppdateras av v\u00e5r samarbetspartner Posti. Posti anv\u00e4nder bland annat Myndigheten f\u00f6r digitalisering och befolkningsdatas befolkningsdatasystem samt Postis eget register \u00f6ver postadresser och deras telefonnummerdatabas som informationsk\u00e4lla.<\/p>\n<p>Om du inte vill att dina uppgifter ska \u00f6verl\u00e5tas fr\u00e5n befolkningsregistret i samband med uppdateringen av Orals kundregister, kan du f\u00f6rbjuda \u00f6verl\u00e5tandet av uppgifterna via webbtj\u00e4nsten Suomi.fi p\u00e5 sidan <a href=\"https:\/\/www.suomi.fi\/mina-uppgifter\/personuppgifter\">Personuppgifter<\/a> eller genom att meddela\u00a0<a href=\"https:\/\/dvv.fi\/sv\/kontakt\">Myndigheten f\u00f6r digitalisering och befolkningsdata<\/a> per telefon eller med ett fritt formulerat brev. D\u00e4rtill kan du hindra att Posti l\u00e4mnar dina uppgifter i syfte att uppdatera Orals kundregister genom att f\u00f6rbjuda utl\u00e4mnande hos <a href=\"https:\/\/www.posti.fi\/sv\/privat\/brev-och-posttjanster\/utdelning-och-adressandring\/kontaktuppgifter\">Posti<\/a>.<\/p>\n<h3>S\u00e4kerhet vid behandling av patientuppgifter<\/h3>\n<p>Endast personer som deltar i planeringen, ordnandet, genomf\u00f6randet och uppf\u00f6ljningen av din v\u00e5rd behandlar dina patientuppgifter. Yrkesutbildade personer inom h\u00e4lso- och sjukv\u00e5rden samt v\u00e5ra \u00f6vriga anst\u00e4llda har tystnadsplikt vad g\u00e4ller all information de f\u00e5r tillg\u00e5ng n\u00e4r de behandlar patienter. Dina patientuppgifter f\u00f6rvaras i elektroniska system som endast personer som deltar i planeringen, ordnandet,<br \/>\ngenomf\u00f6randet och uppf\u00f6ljningen av din v\u00e5rd har tillg\u00e5ng till. Alla personer som anv\u00e4nder datasystem som inneh\u00e5ller patientuppgifter har ett personligt anv\u00e4ndarnamn och l\u00f6senord. Varje g\u00e5ng n\u00e5gon l\u00e4ser, \u00e4ndrar eller raderar dina patientuppgifter registreras en loggmarkering som du har r\u00e4tt att be att f\u00e5 se.<\/p>\n<h3>Allm\u00e4nt dataskydd<\/h3>\n<p>Alla anst\u00e4llda hos Oral har utbildats f\u00f6r att s\u00e4kerst\u00e4lla dataskyddet och informationss\u00e4kerheten. Utbildningarna utg\u00f6r \u00e4ven en del av introduktionen f\u00f6r nya anst\u00e4llda. Genom utbildningar \u00f6kas de anst\u00e4lldas f\u00f6rst\u00e5else f\u00f6r betydelsen av dataskydd och informationss\u00e4kerhet samt deras kunskaper om de praktiska \u00e5tg\u00e4rder med vilka man s\u00e4kerst\u00e4ller att patienternas r\u00e4ttigheter uppfylls.<\/p>\n<p>De datasystem som anv\u00e4nds i det dagliga arbetet samt de virusprogram som skyddar arbetsstationerna uppdateras regelbundet. Arbetsstationerna l\u00e5ses automatiskt n\u00e4r de inte anv\u00e4nds och de \u00e4r skyddade med l\u00f6senord. Arbetet sker p\u00e5 Orals intran\u00e4t, som \u00e4r skyddat mot extern trafik med hj\u00e4lp av brandv\u00e4ggar och sp\u00e4rrprogram mot virus och annan skadlig programvara.<\/p>\n<p>Patienternas elektroniska handlingar f\u00f6rvaras i informationss\u00e4kra datasystem och handlingarna i pappersformat f\u00f6rvaras i l\u00e5sta utrymmen.<\/p>\n<h3>Utl\u00e4mnande av uppgifter<\/h3>\n<p>Vi varken s\u00e4ljer, hyr ut eller \u00f6verl\u00e5ter dina personuppgifter till tredje part i n\u00e5got annat fall \u00e4n vad som anges i denna beskrivning.<\/p>\n<h3>Lagstadgade beg\u00e4randen<\/h3>\n<p>Dina patientuppgifter kan med st\u00f6d av 13 \u00a7 i patientlagen utl\u00e4mnas till bland annat domstol, annan myndighet eller organisation som enlig lag har r\u00e4tt att f\u00e5 tillg\u00e5ng till uppgifterna (till exempel polisen eller f\u00f6rs\u00e4kringsbolag) eller f\u00f6r forsknings\u00e4ndam\u00e5l.<\/p>\n<h3>FPA<\/h3>\n<p>Oral kan ans\u00f6ka om ers\u00e4ttning fr\u00e5n FPA f\u00f6r din r\u00e4kning. D\u00e5 skickas till FPA information om de \u00e5tg\u00e4rder som har vidtagits under v\u00e5rdbes\u00f6ket och som ber\u00e4ttigar till ers\u00e4ttning fr\u00e5n FPA samt information om remisser.<\/p>\n<h3>Yrkesutbildade personer och serviceproducenter inom h\u00e4lso- och sjukv\u00e5rden<\/h3>\n<p>I samband med tidsbest\u00e4llningen f\u00f6rbinder du dig till att l\u00e5ta den v\u00e5rdpersonal som deltar i din v\u00e5rd se dina uppgifter. Orals tandl\u00e4kare och munhygienister har antingen ett anst\u00e4llningsf\u00f6rh\u00e5llande eller de kan arbeta som sj\u00e4lvst\u00e4ndiga yrkesut\u00f6vare eller via egna f\u00f6retag. Oberoende av samarbetsf\u00f6rh\u00e5llandet sparas alla patientuppgifter i det patientinformationssystem som administreras av Oral och som v\u00e5rdpersonalen anv\u00e4nder vid<br \/>\nbehandlingen av dina uppgifter. Du har r\u00e4tt att begr\u00e4nsa tillg\u00e5ngen till dina uppgifter mellan olika akt\u00f6rer genom att kontakta v\u00e5r kundtj\u00e4nst. En begr\u00e4nsad tillg\u00e5ng till uppgifterna rekommenderas dock inte eftersom detta i v\u00e4rsta fall kan orsaka allvarliga risker f\u00f6r patients\u00e4kerheten.<\/p>\n<h3>Uppgifter om S-F\u00f6rm\u00e5nskortet<\/h3>\n<p>Oral \u00e4r en av S-gruppens samarbetspartner, vilket inneb\u00e4r att du kan samla bonus med hj\u00e4lp av Orals tandv\u00e5rdstj\u00e4nster om du betalar tandv\u00e5rden p\u00e5 plats och visar upp ditt S-F\u00f6rm\u00e5nskort vid betalningen.<\/p>\n<p>Genom att visa upp ditt S-F\u00f6rm\u00e5nskort ger du ditt samtycke till att Oral meddelar S-gruppen slutsumman och betalningstidpunkten f\u00f6r de v\u00e5rdkostnader f\u00f6r munh\u00e4lsa du har betalat till Oral s\u00e5 att de kan ber\u00e4kna din bonus.<\/p>\n<h3>\u00d6verf\u00f6ring av uppgifter till tredjel\u00e4nder<\/h3>\n<p>Vi \u00f6verf\u00f6r inte dina personuppgifter utanf\u00f6r Europeiska unionen eller Europeiska ekonomiska samarbetsomr\u00e5det.<\/p>\n<h3>F\u00f6rvaringstider<\/h3>\n<p>Vi f\u00f6rvarar dina uppgifter endast s\u00e5 l\u00e4nge det \u00e4r n\u00f6dv\u00e4ndigt f\u00f6r att kunna genomf\u00f6ra \u00e4ndam\u00e5let med insamlingen av uppgifter i enlighet med g\u00e4llande lagstiftning.<\/p>\n<p>F\u00f6rvaringstiden f\u00f6r patientuppgifter \u00e4r fastst\u00e4lld i lag (social- och h\u00e4lsov\u00e5rdsministeriets f\u00f6rordning om journalhandlingar). I regel f\u00f6rvaras dina patientuppgifter i 12 \u00e5r efter att du har avlidit eller 120 \u00e5r fr\u00e5n ditt f\u00f6delsedatum om det inte finns n\u00e5gra uppgifter om d\u00f6dsdatum.<\/p>\n<p>Logginformation som r\u00f6r patientuppgifter f\u00f6rvaras enligt lag minst 12 \u00e5r efter det att loggen har skapats.<\/p>\n<p>Dina kunduppgifter f\u00f6rvaras fem \u00e5r fr\u00e5n din senaste tidsbest\u00e4llning eller ditt senaste bes\u00f6k p\u00e5 mottagningen. Samtalsinspelningar och chattmeddelanden f\u00f6rvaras i ett \u00e5r. Patientuppgifter som har uppkommit under din v\u00e5rd f\u00f6rvaras dock enligt lag under din livstid p\u00e5 ovan n\u00e4mnda s\u00e4tt.<\/p>\n<p>Behandlade uppgifter som beh\u00f6vs f\u00f6r fakturering f\u00f6rvaras den tid som har fastst\u00e4llts i bokf\u00f6ringslagen.<\/p>\n<h3>Dina r\u00e4ttigheter<\/h3>\n<p><strong>R\u00e4tt till tillg\u00e5ng<\/strong><br \/>\nDu har r\u00e4tt att kontrollera vilka uppgifter Oral har om dig.<\/p>\n<p><strong>R\u00e4tt till r\u00e4ttelse<\/strong><br \/>\nDu har r\u00e4tt att be om att dina personuppgifter r\u00e4ttas eller att sj\u00e4lv r\u00e4tta dem i tj\u00e4nsten MinOral.<br \/>\nUppgifter i patientjournalen kan endast r\u00e4ttas om de \u00e4r felaktiga.<\/p>\n<p><strong>R\u00e4tt till radering<\/strong><br \/>\nI enlighet med dataskyddsf\u00f6rordningen har du i vissa fall r\u00e4tt att f\u00e5 dina uppgifter raderade.<br \/>\nDu kan beg\u00e4ra att dina kunduppgifter raderas om du inte har en g\u00e4llande v\u00e5rdplan, kommande tider som best\u00e4llts enligt planen eller obetalda fakturor.<\/p>\n<p>Oral har dock en r\u00e4ttslig skyldighet att \u00e5tminstone under din livstid f\u00f6rvara de patientuppgifter som har uppkommit under v\u00e5rdperioden. D\u00e4rf\u00f6r kan vi inte uppfylla beg\u00e4randen om att radera patientuppgifter.<\/p>\n<p><strong>\u00d6vriga r\u00e4ttigheter<br \/>\n<\/strong>I enlighet med dataskyddsf\u00f6rordningen har du r\u00e4tt att g\u00f6ra inv\u00e4ndningar mot behandling av dina uppgifter eller beg\u00e4ra att behandlingen begr\u00e4nsas eller att dina uppgifter \u00f6verf\u00f6rs fr\u00e5n en personuppgiftsansvarig till en annan.<\/p>\n<p>Dessutom har du r\u00e4tt att f\u00f6rbjuda att uppgifter som r\u00f6r dig anv\u00e4nds f\u00f6r direktmarknadsf\u00f6ring, marknads- och opinionsunders\u00f6kningar eller profilering. Ett s\u00e5dant f\u00f6rbud kan aktiveras n\u00e4r som helst genom att till exempel dra sig ur postningslistan enligt anvisningarna i reklammeddelandet.<\/p>\n<p><strong>Ta kontakt<\/strong><br \/>\nF\u00f6r att kunna genomf\u00f6ra dessa r\u00e4ttigheter och de \u00f6vriga r\u00e4ttigheterna i artiklarna 12\u201322 i dataskyddsf\u00f6rordningen ber vi att du kontaktar v\u00e5r centraliserade kundtj\u00e4nst eller tandl\u00e4karstationens personal.<\/p>\n<p><strong>R\u00e4tt att l\u00e4mna in klagom\u00e5l till en tillsynsmyndighet<\/strong><br \/>\nDu har r\u00e4tt att l\u00e4mna in ett klagom\u00e5l till dataombudsmannens byr\u00e5 om du upplever att dina r\u00e4ttigheter och friheter g\u00e4llande personuppgifter har kr\u00e4nkts.Anvisningar f\u00f6r hur du g\u00f6r en anm\u00e4lan hittar du p\u00e5 dataombudsmannens webbplats: www.tietosuoja.fi.<\/p>\n<p><strong>R\u00e4tt att l\u00e4mna in klagom\u00e5l till en tillsynsmyndighet<\/strong><br \/>\nDu har r\u00e4tt att l\u00e4mna in ett klagom\u00e5l till dataombudsmannens byr\u00e5 om du upplever att dina r\u00e4ttigheter och friheter g\u00e4llande personuppgifter har kr\u00e4nkts. Anvisningar f\u00f6r hur du g\u00f6r en anm\u00e4lan hittar du p\u00e5 dataombudsmannens webbplats: <a href=\"http:\/\/www.tietosuoja.fi\">www.tietosuoja.fi<\/a>.<\/p>\n","protected":false},"excerpt":{"rendered":"<p>N\u00e4r du bokar en tid och bes\u00f6ker mottagningen samlar vi in information om dig som vi beh\u00f6ver f\u00f6r att kunna planera, ordna, genomf\u00f6ra och f\u00f6lja upp din v\u00e5rd. Dina uppgifter behandlas konfidentiellt och de \u00f6verl\u00e4mnas inte till utomst\u00e5ende p\u00e5 annat s\u00e4tt \u00e4n vad som anges i denna beskrivning. Information som samlas in under v\u00e5rdperioden f\u00f6rvaras &hellip; <a href=\"https:\/\/www.oral.fi\/sv\/information\/information-for-kunder\/dataskydd\/oral-kundinformationsbeskrivning\/\">Continued<\/a><\/p>\n","protected":false},"author":25,"featured_media":0,"parent":7786,"menu_order":0,"comment_status":"closed","ping_status":"closed","template":"","meta":{"_acf_changed":false,"footnotes":""},"class_list":["post-62067","page","type-page","status-publish","hentry"],"acf":[],"_links":{"self":[{"href":"https:\/\/www.oral.fi\/sv\/wp-json\/wp\/v2\/pages\/62067","targetHints":{"allow":["GET"]}}],"collection":[{"href":"https:\/\/www.oral.fi\/sv\/wp-json\/wp\/v2\/pages"}],"about":[{"href":"https:\/\/www.oral.fi\/sv\/wp-json\/wp\/v2\/types\/page"}],"author":[{"embeddable":true,"href":"https:\/\/www.oral.fi\/sv\/wp-json\/wp\/v2\/users\/25"}],"replies":[{"embeddable":true,"href":"https:\/\/www.oral.fi\/sv\/wp-json\/wp\/v2\/comments?post=62067"}],"version-history":[{"count":16,"href":"https:\/\/www.oral.fi\/sv\/wp-json\/wp\/v2\/pages\/62067\/revisions"}],"predecessor-version":[{"id":241656,"href":"https:\/\/www.oral.fi\/sv\/wp-json\/wp\/v2\/pages\/62067\/revisions\/241656"}],"up":[{"embeddable":true,"href":"https:\/\/www.oral.fi\/sv\/wp-json\/wp\/v2\/pages\/7786"}],"wp:attachment":[{"href":"https:\/\/www.oral.fi\/sv\/wp-json\/wp\/v2\/media?parent=62067"}],"curies":[{"name":"wp","href":"https:\/\/api.w.org\/{rel}","templated":true}]}}