{"id":7060,"date":"2017-12-14T12:24:15","date_gmt":"2017-12-14T12:24:15","guid":{"rendered":"http:\/\/oral.fi\/?page_id=7060\/"},"modified":"2021-01-18T16:41:43","modified_gmt":"2021-01-18T14:41:43","slug":"tyopaikkahammashuolto-swe","status":"publish","type":"page","link":"https:\/\/www.oral.fi\/sv\/information\/information-for-kunder\/tyopaikkahammashuolto-swe\/","title":{"rendered":"Arbetsplatstandv\u00e5rd"},"content":{"rendered":"<p>Orals arbetsplatstandv\u00e5rd Oral Terveysetu \u00e4r ett arrangemang d\u00e4r ett f\u00f6retag helt eller delvis betalar kostnaderna f\u00f6r sina anst\u00e4lldas \u00e5rliga tandv\u00e5rd. Arbetsplatstandv\u00e5rden \u00e4r en avdragsgill utgift f\u00f6r f\u00f6retaget och en skattefri f\u00f6rm\u00e5n f\u00f6r de anst\u00e4llda. Tandv\u00e5rd \u00e4r en del av uppr\u00e4tth\u00e5llandet av den allm\u00e4nna h\u00e4lsan och arbetsf\u00f6rm\u00e5gan, och n\u00e4r den utf\u00f6rs regelbundet kostar den mindre tid och pengar.<\/p>\n<h2>En avdragsgill kostnad f\u00f6r arbetsgivaren<\/h2>\n<p>Normal tandv\u00e5rd utf\u00f6rd inom ramen f\u00f6r arbetsplatstandv\u00e5rd \u00e4r en avdragsgill utgift f\u00f6r f\u00f6retaget och en skattefri f\u00f6rm\u00e5n f\u00f6r de anst\u00e4llda. F\u00f6retagets kostnader minskas ocks\u00e5 av den sjukf\u00f6rs\u00e4kringsers\u00e4ttning som FPA beviljar f\u00f6r tandv\u00e5rd.<\/p>\n<h2>Omfattningen fastst\u00e4lls fr\u00e5n fall till fall<\/h2>\n<p>Inom Oral Terveysetu kan tj\u00e4nsternas omfattning och arrangemangen kring v\u00e5rden alltid avtalas flexibelt fr\u00e5n fall till fall.<\/p>\n<p>F\u00f6ruts\u00e4ttningen f\u00f6r att ett avtal om arbetsplatstandv\u00e5rd ska kunna ing\u00e5s \u00e4r att f\u00f6retaget har fattat ett skriftligt beslut om att erbjuda arbetsplatstandv\u00e5rd f\u00f6r sina anst\u00e4llda. I beslutet ska framg\u00e5 i hur stor utstr\u00e4ckning personalens tandv\u00e5rd ers\u00e4tts, och f\u00f6rm\u00e5nen ska vara konventionell, rimlig och g\u00e4lla hela personalen. Under dessa f\u00f6ruts\u00e4ttningar kan f\u00f6retaget sj\u00e4lv besluta vilka behandlings\u00e5tg\u00e4rder som ers\u00e4tts.<\/p>\n<h2>B\u00e5de f\u00f6retaget och de anst\u00e4llda drar nytta av arbetsplatstandv\u00e5rden<\/h2>\n<p>F\u00f6retaget drar nytta av Oral Terveysetu eftersom fr\u00e5nvaron p\u00e5 grund av tandsjukdomar minskar och personalens v\u00e4rdefulla tid inte g\u00e5r \u00e5t till att k\u00f6a f\u00f6r tandv\u00e5rd. De anst\u00e4llda blir n\u00f6jdare d\u00e5 deras arbetsgivare tar hand om deras h\u00e4lsa.<\/p>\n<p>Genom att ordna tandv\u00e5rd kan f\u00f6retaget se till att de anst\u00e4llda f\u00e5r regelbunden tandv\u00e5rd, effektivisera tidsanv\u00e4ndningen samt minska sjukfr\u00e5nvaron och p\u00e5 s\u00e5 s\u00e4tt f\u00f6rb\u00e4ttra arbetsprestationen.<\/p>\n<p>L\u00e5t Oral ta hand om era anst\u00e4lldas munh\u00e4lsa! Kontakta oss med hj\u00e4lp av v\u00e5r <a href=\"https:\/\/podio.com\/webforms\/17533615\/1179296\">blankett >><\/a><\/p>\n<p>F\u00f6retagskundtj\u00e4nst<\/p>\n<p>Tfn 010 400 3500<\/p>\n<p>E-post: <a href=\"mailto:yritysasiakaspalvelu@oral.fi\">yritysasiakaspalvelu@oral.fi<\/a><\/p>\n<p>\u00a0<\/p>\n","protected":false},"excerpt":{"rendered":"<p>Orals arbetsplatstandv\u00e5rd Oral Terveysetu \u00e4r ett arrangemang d\u00e4r ett f\u00f6retag helt eller delvis betalar kostnaderna f\u00f6r sina anst\u00e4lldas \u00e5rliga tandv\u00e5rd. Arbetsplatstandv\u00e5rden \u00e4r en avdragsgill utgift f\u00f6r f\u00f6retaget och en skattefri f\u00f6rm\u00e5n f\u00f6r de anst\u00e4llda. Tandv\u00e5rd \u00e4r en del av uppr\u00e4tth\u00e5llandet av den allm\u00e4nna h\u00e4lsan och arbetsf\u00f6rm\u00e5gan, och n\u00e4r den utf\u00f6rs regelbundet kostar den mindre tid &hellip; <a href=\"https:\/\/www.oral.fi\/sv\/information\/information-for-kunder\/tyopaikkahammashuolto-swe\/\">Continued<\/a><\/p>\n","protected":false},"author":25,"featured_media":236310,"parent":6873,"menu_order":-12,"comment_status":"closed","ping_status":"closed","template":"","meta":{"_acf_changed":false,"footnotes":""},"class_list":["post-7060","page","type-page","status-publish","has-post-thumbnail","hentry"],"acf":[],"_links":{"self":[{"href":"https:\/\/www.oral.fi\/sv\/wp-json\/wp\/v2\/pages\/7060","targetHints":{"allow":["GET"]}}],"collection":[{"href":"https:\/\/www.oral.fi\/sv\/wp-json\/wp\/v2\/pages"}],"about":[{"href":"https:\/\/www.oral.fi\/sv\/wp-json\/wp\/v2\/types\/page"}],"author":[{"embeddable":true,"href":"https:\/\/www.oral.fi\/sv\/wp-json\/wp\/v2\/users\/25"}],"replies":[{"embeddable":true,"href":"https:\/\/www.oral.fi\/sv\/wp-json\/wp\/v2\/comments?post=7060"}],"version-history":[{"count":4,"href":"https:\/\/www.oral.fi\/sv\/wp-json\/wp\/v2\/pages\/7060\/revisions"}],"predecessor-version":[{"id":228207,"href":"https:\/\/www.oral.fi\/sv\/wp-json\/wp\/v2\/pages\/7060\/revisions\/228207"}],"up":[{"embeddable":true,"href":"https:\/\/www.oral.fi\/sv\/wp-json\/wp\/v2\/pages\/6873"}],"wp:featuredmedia":[{"embeddable":true,"href":"https:\/\/www.oral.fi\/sv\/wp-json\/wp\/v2\/media\/236310"}],"wp:attachment":[{"href":"https:\/\/www.oral.fi\/sv\/wp-json\/wp\/v2\/media?parent=7060"}],"curies":[{"name":"wp","href":"https:\/\/api.w.org\/{rel}","templated":true}]}}