{"id":97295,"date":"2018-06-15T10:32:25","date_gmt":"2018-06-15T07:32:25","guid":{"rendered":"https:\/\/www.oral.fi\/dataskyddsbeskrivning-for-marknadsforingsregister\/"},"modified":"2024-02-26T16:31:59","modified_gmt":"2024-02-26T14:31:59","slug":"dataskyddsbeskrivning-for-marknadsforingsregister","status":"publish","type":"page","link":"https:\/\/www.oral.fi\/sv\/information\/information-for-kunder\/dataskydd\/dataskyddsbeskrivning-for-marknadsforingsregister\/","title":{"rendered":"Dataskyddsbeskrivning f\u00f6r marknadsf\u00f6ringsregister"},"content":{"rendered":"<h3>Personuppgiftsansvarig<\/h3>\n<p>Namn: Oral Hammasl\u00e4\u00e4k\u00e4rit Ab<br \/>\nFO-nummer: 2863321-3<br \/>\nPost- och bes\u00f6ksadress: Bef\u00e4stningsv\u00e4gen 6 B, 02600 Esbo<br \/>\nTelefon: 010\u00a0400\u00a03010 (v\u00e4xel)<\/p>\n<h3>Kontaktperson i \u00e4renden som g\u00e4ller registret:<\/h3>\n<p>Namn: Sanna Elomaa<br \/>\nE-post: <a href=\"mailto:tietosuojavastaava@oral.fi\">tietosuojavastaava@oral.fi<\/a><\/p>\n<h3>Registrets namn<\/h3>\n<p>Oral-koncernens marknadsf\u00f6ringsregister<\/p>\n<h3>R\u00e4ttslig grund f\u00f6r behandling av personuppgifter<\/h3>\n<p>Behandlingen av personuppgifter grundar sig p\u00e5 Orals ber\u00e4ttigade intresse (till exempel direktmarknadsf\u00f6ring) och den registrerades samtycke (till exempel till elektronisk direktmarknadsf\u00f6ring).<\/p>\n<h3>Syftet med behandling av personuppgifter<\/h3>\n<p>Personuppgifterna i registret anv\u00e4nds f\u00f6r f\u00f6ljande \u00e4ndam\u00e5l:<\/p>\n<p>\u2022 direktmarknadsf\u00f6ring<br \/>\n\u2022 genomf\u00f6rande av opinions- och marknadsf\u00f6ringsunders\u00f6kningar<br \/>\n\u2022 ordnande av t\u00e4vlingar och lotterier i marknadsf\u00f6ringssyfte<br \/>\n\u2022 planering och utveckling av Orals aff\u00e4rsverksamhet och tj\u00e4nster.<\/p>\n<h3>Kategorier av registrerade<\/h3>\n<p>Potentiella konsumentkunder<\/p>\n<h3>Registrets datainneh\u00e5ll<\/h3>\n<p>Registret inneh\u00e5ller f\u00f6ljande personuppgifter:<\/p>\n<p>\u2022 namn<br \/>\n\u2022 kontaktuppgifter (postadress, e-postadress och telefonnummer)<br \/>\n\u2022 titel eller yrkesbeteckning<br \/>\n\u2022 \u00e5lder eller f\u00f6delse\u00e5r<br \/>\n\u2022 k\u00f6n<br \/>\n\u2022 modersm\u00e5l<br \/>\n\u2022 h\u00f6gst en annan identifieringsuppgift om den registrerade<br \/>\n\u2022 \u00f6nskade kontaktformer<br \/>\n\u2022 samtycken och f\u00f6rbud g\u00e4llande direktmarknadsf\u00f6ring<br \/>\n\u2022 information om marknadsf\u00f6ring och s\u00e4ljfr\u00e4mjande \u00e5tg\u00e4rder (till exempel marknadsf\u00f6rings\u00e5tg\u00e4rder riktade till den registrerade)<br \/>\n\u2022 eventuella andra uppgifter som samlats in med den registrerades samtycke.<\/p>\n<h3>Registrets regelm\u00e4ssiga informationsk\u00e4llor<\/h3>\n<p>Uppgifterna f\u00e5s i huvudsak av den registrerade sj\u00e4lv till exempel i samband med best\u00e4llning av Orals nyhetsbrev eller deltagande i de t\u00e4vlingar och lotterier som Oral ordnar i marknadsf\u00f6ringssyfte.<\/p>\n<p>Personuppgifter kan ocks\u00e5 samlas in och uppdateras via allm\u00e4nt tillg\u00e4ngliga informationsk\u00e4llor s\u00e5som offentliga eller privata register (till exempel <a href=\"http:\/\/vrk.fi\/etusivu\">Befolkningsregistercentralen<\/a>).<\/p>\n<p>Uppgifter fr\u00e5n Orals kundregister kan \u00f6verf\u00f6ras till marknadsf\u00f6ringsregistret efter att den sakliga anknytningen (dvs. den aktiva kundrelationen) upph\u00f6rt.<\/p>\n<h3>Regelm\u00e4ssigt utl\u00e4mnande av uppgifter<\/h3>\n<p>Personuppgifter utl\u00e4mnas inte regelm\u00e4ssigt till utomst\u00e5ende akt\u00f6rer.<\/p>\n<p>Oral kan anlita utomst\u00e5ende tj\u00e4nsteleverant\u00f6rer till exempel f\u00f6r genomf\u00f6rande av marknadsf\u00f6ring. D\u00e5 f\u00f6rbinder sig Oral till att s\u00e4kerst\u00e4lla att tj\u00e4nsteleverant\u00f6ren endast behandlar personuppgifterna i den utstr\u00e4ckning det \u00e4r n\u00f6dv\u00e4ndigt f\u00f6r att genomf\u00f6ra tj\u00e4nsten.<\/p>\n<h3>\u00d6verf\u00f6ring av uppgifter utanf\u00f6r EU eller EES<\/h3>\n<p>Personuppgifter \u00f6verf\u00f6rs inte utanf\u00f6r Europeiska unionen eller Europeiska ekonomiska samarbetsomr\u00e5det.<\/p>\n<h3>Principer f\u00f6r skydd av registret<\/h3>\n<p>Registrets uppgifter lagras i datasystem d\u00e4r b\u00e5de tekniska och programm\u00e4ssiga metoder anv\u00e4nds f\u00f6r att s\u00e4kerst\u00e4lla informationss\u00e4kerheten. Alla personer som anv\u00e4nder registret har personliga anv\u00e4ndarnamn och l\u00f6senord till systemet. Endast utsedda personer har tillg\u00e5ng till uppgifterna i registret, i den omfattning deras arbetsuppgifter f\u00f6ruts\u00e4tter detta.<\/p>\n<h3>Lagringstid f\u00f6r uppgifterna<\/h3>\n<p>Personuppgifterna i registret lagras permanent, inom lagens ramar. Oral bed\u00f6mer regelbundet behovet av lagring och vidtar \u00e4ven rimliga \u00e5tg\u00e4rder f\u00f6r att s\u00e4kerst\u00e4lla att de personuppgifter om den registrerade som \u00e4r f\u00f6r\u00e5ldrade eller felaktiga eller som inte \u00e4r f\u00f6renliga med syftet med behandlingen inte lagras i registret.<\/p>\n<h3>Den registrerades r\u00e4ttigheter<\/h3>\n<p><strong>R\u00e4tt till tillg\u00e5ng<br \/>\n<\/strong>Den registrerade har r\u00e4tt att kontrollera vilka uppgifter om honom eller henne som \u00e4r registrerade i Orals marknadsf\u00f6ringsregister. En skriftlig beg\u00e4ran om tillg\u00e5ng ska l\u00e4mnas till registrets kontaktperson.<\/p>\n<p><strong>R\u00e4tt till r\u00e4ttelse<br \/>\n<\/strong>Den registrerade har r\u00e4tt att kr\u00e4va r\u00e4ttelse av felaktiga eller bristf\u00e4lliga personuppgifter om honom eller henne. En skriftlig beg\u00e4ran om r\u00e4ttelse ska l\u00e4mnas till registrets kontaktperson.<\/p>\n<p><strong>R\u00e4tt till radering<br \/>\n<\/strong>Den registrerade har r\u00e4tt att kr\u00e4va att de uppgifter som lagrats om honom eller henne raderas om det inte finns n\u00e5gon grund f\u00f6r lagringen. En skriftlig beg\u00e4ran om radering ska l\u00e4mnas till registrets kontaktperson.<\/p>\n<p><strong>R\u00e4tt att kr\u00e4va begr\u00e4nsning av behandlingen av uppgifter eller r\u00e4tt att g\u00f6ra inv\u00e4ndningar mot behandlingen<br \/>\n<\/strong>Den registrerade har r\u00e4tt att g\u00f6ra inv\u00e4ndningar mot behandling av sina personuppgifter eller beg\u00e4ra begr\u00e4nsning av behandlingen. En skriftlig beg\u00e4ran om begr\u00e4nsning av behandlingen och\/eller en inv\u00e4ndning mot behandling av personuppgifter ska l\u00e4mnas till registrets kontaktperson.<\/p>\n<p><strong>R\u00e4tt att \u00e5terkalla sitt samtycke till behandling av personuppgifter<br \/>\n<\/strong>Om behandlingen av personuppgifter grundar sig p\u00e5 den registrerades samtycke, har den registrerade r\u00e4tt att n\u00e4r som helst \u00e5terkalla sitt samtycke till behandlingen. Samtycket kan \u00e5terkallas genom en skriftlig beg\u00e4ran till registrets kontaktperson.<\/p>\n<p><strong>R\u00e4tt att f\u00f6rbjuda anv\u00e4ndning av personuppgifter f\u00f6r direktmarknadsf\u00f6ring<br \/>\n<\/strong>Den registrerade har r\u00e4tt att f\u00f6rbjuda att uppgifter om honom eller henne anv\u00e4nds f\u00f6r direktmarknadsf\u00f6ring eller marknadsf\u00f6rings- eller opinionsunders\u00f6kningar. Ett s\u00e5dant f\u00f6rbud kan ges till exempel genom att avl\u00e4gsna sig fr\u00e5n postningslistan enligt anvisningarna i marknadsf\u00f6ringsmeddelandet eller genom att l\u00e4mna in en skriftlig beg\u00e4ran om detta till registrets kontaktperson.<\/p>\n<p><strong>R\u00e4tt att f\u00f6rbjuda profilering<br \/>\n<\/strong>Den registrerade har r\u00e4tt att n\u00e4r som helst f\u00f6rbjuda att uppgifter om honom eller henne anv\u00e4nds f\u00f6r profilering. En skriftlig beg\u00e4ran g\u00e4llande f\u00f6rbudet ska l\u00e4mnas till registrets kontaktperson.<\/p>\n<p><strong>R\u00e4tt till dataportabilitet<br \/>\n<\/strong>N\u00e4r det g\u00e4ller de uppgifter som den registrerade sj\u00e4lv har l\u00e4mnat till marknadsf\u00f6ringsregistret och som behandlas med st\u00f6d av den registrerades samtycke har den registrerade r\u00e4tt att f\u00e5 dessa uppgifter i maskinl\u00e4sbart format och att \u00f6verf\u00f6ra dessa uppgifter till en annan personuppgiftsansvarig. En skriftlig beg\u00e4ran om detta ska l\u00e4mnas till registrets kontaktperson.<\/p>\n<p><strong>R\u00e4tt att l\u00e4mna in klagom\u00e5l till en tillsynsmyndighet<br \/>\n<\/strong>Den registrerade har r\u00e4tt att l\u00e4mna in ett klagom\u00e5l till en tillsynsmyndighet (dataombudsmannen) \u00f6ver missf\u00f6rh\u00e5llanden i behandlingen av personuppgifter.<\/p>\n<p><em>Uppdaterad 1 juni 2022<\/em><\/p>\n","protected":false},"excerpt":{"rendered":"<p>Personuppgiftsansvarig Namn: Oral Hammasl\u00e4\u00e4k\u00e4rit Ab FO-nummer: 2863321-3 Post- och bes\u00f6ksadress: Bef\u00e4stningsv\u00e4gen 6 B, 02600 Esbo Telefon: 010\u00a0400\u00a03010 (v\u00e4xel) Kontaktperson i \u00e4renden som g\u00e4ller registret: Namn: Sanna Elomaa E-post: tietosuojavastaava@oral.fi Registrets namn Oral-koncernens marknadsf\u00f6ringsregister R\u00e4ttslig grund f\u00f6r behandling av personuppgifter Behandlingen av personuppgifter grundar sig p\u00e5 Orals ber\u00e4ttigade intresse (till exempel direktmarknadsf\u00f6ring) och den registrerades samtycke &hellip; <a href=\"https:\/\/www.oral.fi\/sv\/information\/information-for-kunder\/dataskydd\/dataskyddsbeskrivning-for-marknadsforingsregister\/\">Continued<\/a><\/p>\n","protected":false},"author":25,"featured_media":0,"parent":7786,"menu_order":0,"comment_status":"closed","ping_status":"closed","template":"","meta":{"_acf_changed":false,"footnotes":""},"class_list":["post-97295","page","type-page","status-publish","hentry"],"acf":[],"_links":{"self":[{"href":"https:\/\/www.oral.fi\/sv\/wp-json\/wp\/v2\/pages\/97295","targetHints":{"allow":["GET"]}}],"collection":[{"href":"https:\/\/www.oral.fi\/sv\/wp-json\/wp\/v2\/pages"}],"about":[{"href":"https:\/\/www.oral.fi\/sv\/wp-json\/wp\/v2\/types\/page"}],"author":[{"embeddable":true,"href":"https:\/\/www.oral.fi\/sv\/wp-json\/wp\/v2\/users\/25"}],"replies":[{"embeddable":true,"href":"https:\/\/www.oral.fi\/sv\/wp-json\/wp\/v2\/comments?post=97295"}],"version-history":[{"count":3,"href":"https:\/\/www.oral.fi\/sv\/wp-json\/wp\/v2\/pages\/97295\/revisions"}],"predecessor-version":[{"id":236448,"href":"https:\/\/www.oral.fi\/sv\/wp-json\/wp\/v2\/pages\/97295\/revisions\/236448"}],"up":[{"embeddable":true,"href":"https:\/\/www.oral.fi\/sv\/wp-json\/wp\/v2\/pages\/7786"}],"wp:attachment":[{"href":"https:\/\/www.oral.fi\/sv\/wp-json\/wp\/v2\/media?parent=97295"}],"curies":[{"name":"wp","href":"https:\/\/api.w.org\/{rel}","templated":true}]}}